{"id":1417,"date":"2022-02-11T07:37:45","date_gmt":"2022-02-11T07:37:45","guid":{"rendered":"http:\/\/cevcam.com\/?page_id=1417"},"modified":"2023-10-06T19:15:40","modified_gmt":"2023-10-06T19:15:40","slug":"1417-2","status":"publish","type":"page","link":"https:\/\/cevcam.com\/?page_id=1417","title":{"rendered":"CEIP Cronista Chabret"},"content":{"rendered":"\n<div class=\"wp-container-69f5c3f811d1a wp-block-buttons\">\n<div class=\"wp-block-button is-style-fill\"><a class=\"wp-block-button__link has-blush-bordeaux-gradient-background has-background\" href=\"http:\/\/cpcronistachabret.blogspot.com\/\" target=\"_blank\" rel=\"noreferrer noopener\">Cronista Chabret<\/a><\/div>\n\n\n\n<div class=\"wp-block-button is-style-fill\"><a class=\"wp-block-button__link has-vivid-red-background-color has-background\" href=\"#compartim-experiencies-2023\">Compartim Experi\u00e8ncies<\/a><\/div>\n<\/div>\n\n\n\n<h2 id=\"resum-historic\">RESUM HIST\u00d2RIC<\/h2>\n\n\n\n<p><strong>1926<\/strong> &nbsp;L\u2019arquitecte Roman\u00ed projecta els primers pl\u00e0nols del Cronista Chabret entre els carrers Diana i Faura.<\/p>\n\n\n\n<p><strong>1933<\/strong> L\u2019arquitecte Victor Gos\u00e0lvez adapta i transforma els pl\u00e0nols anteriors a l\u2019espai actual.<\/p>\n\n\n\n<p><strong>1935<\/strong> &nbsp;En juny, acabant el curs, s\u2019ocupa el nou Grup Escolar, que constava de cinc classes de xics i cinc de xiques. . Rep el nom de GRUP ESCOLAR CRONISTA CHABRET, en honor del metge i historiador N\u2019Antoni Chabret.<\/p>\n\n\n\n<p><strong>1937<\/strong> &nbsp;El vint-i-dos de desembre es trenca el front de guerra a Terol i l\u2019aviaci\u00f3 alemanya bombardeja Sagunt. Es tanca el col\u00b7legi i s\u2019evacua Sagunt.<\/p>\n\n\n\n<p><strong>1939<\/strong> &nbsp;Instaurada la dictadura, el centre fou escenari de la repressi\u00f3 pol\u00edtica i rep el nom de Los M\u00e1rtires.<\/p>\n\n\n\n<p><strong>1950<\/strong> &nbsp;Es nomenen el primer director i la primera directora. Durant la d\u00e8cada el centre \u00e9s model de l\u2019escola nacional cat\u00f2lica.<\/p>\n\n\n\n<p><strong>1968<\/strong> &nbsp;S\u2019enderroca el mur que dividia el pati, es constru\u00efren les quatre aules que tanquen les ales, s\u2019unifiquen les direccions i s\u2019inicia l\u2019ensenyament mixt.<\/p>\n\n\n\n<p><strong>1978 <\/strong>&nbsp;S\u2019inicia l\u2019ensenyament del valenci\u00e0.<\/p>\n\n\n\n<p><strong>1980<\/strong> &nbsp;El centre es configura com a m\u00f2dul u, en crear-se l\u2019Ausi\u00e0s March. Recupera el nom primitiu: Cronista Chabret.<\/p>\n\n\n\n<p><strong>1985<\/strong> &nbsp;S\u2019inicia l\u2019ensenyament en valenci\u00e0 amb el projecte d\u2019immersi\u00f3 ling\u00fc\u00edstica<\/p>\n\n\n\n<p><strong>1987<\/strong> &nbsp;Es realitzen obres d\u2019adequaci\u00f3 del centre: s\u00f2l, baixada de sostres, calefacci\u00f3\u2026<\/p>\n\n\n\n<p><strong>1988<\/strong> &nbsp;S\u2019inicia l\u2019escolaritzaci\u00f3 de l\u2019alumnat de tres anys.<\/p>\n\n\n\n<p><strong>1995<\/strong>&nbsp; Es commemora els deu anys d\u2019ensenyament en valenci\u00e0. Ix la primera promoci\u00f3 d\u2019alumnes que han fet l\u2019ensenyament en valenci\u00e0.<\/p>\n\n\n\n<p><strong>2001<\/strong>&nbsp; Degut a l\u2019aplicaci\u00f3 de la LOGSE, ix la darrera promoci\u00f3 d\u2019ESO i el centre es converteix en centre d\u2019Educaci\u00f3 Infantil i Prim\u00e0ria.<\/p>\n\n\n\n<p><strong>2002<\/strong> Amb la introducci\u00f3 de l\u2019angl\u00e9s a partir de primer de prim\u00e0ria passa a ser Programa d\u2019Immersi\u00f3 Enriquit.<\/p>\n\n\n\n<p><strong>2005<\/strong>&nbsp;&nbsp; L\u2019edifici t\u00e9 setanta anys i es compleixen vint anys d\u2019ensenyament en valenci\u00e0.<\/p>\n\n\n\n<p><strong>2007<\/strong>&nbsp;&nbsp; Es configura el centre tal qual \u00e9s, amb l\u2019actual cat\u00e0leg.<\/p>\n\n\n\n<p><strong>2015<\/strong>&nbsp;&nbsp; Es compleixen 80 de l&#8217;edifici i 30 d&#8217;ensenyament en valenci\u00e0.<\/p>\n\n\n\n<div style=\"height:101px\" aria-hidden=\"true\" class=\"wp-block-spacer\"><\/div>\n\n\n\n<h2 id=\"el-nom-de-l-escola\"><strong>EL NOM DE L&#8217;ESCOLA<\/strong><\/h2>\n\n\n\n<p>Qui va ser el cronista Chabret?<\/p>\n\n\n\n<div class=\"wp-block-columns\">\n<div class=\"wp-block-column\" style=\"flex-basis:33.33%\">\n<figure class=\"wp-block-image size-full is-resized\"><img loading=\"lazy\" src=\"http:\/\/cevcam.com\/wp-content\/uploads\/2022\/02\/Chabret-1.jpg\" alt=\"\" class=\"wp-image-1426\" width=\"244\" height=\"286\"\/><\/figure>\n<\/div>\n\n\n\n<div class=\"wp-block-column\" style=\"flex-basis:66.66%\">\n<p>Antoni Chabret Fraga nasqu\u00e9 a Sagunt el dia 28 de maig de l\u2019any 1846 i hi va morir el 4 de setembre de 1907. Comen\u00e7\u00e0 els estudis al Seminari Conciliar de Val\u00e8ncia, estudis que va abandonar posteriorment per cursar els de Medicina a la Universitat de Val\u00e8ncia, on es va llicenciar en 1872. Despr\u00e9s d\u2019exercir la medicina a Caudiel pass\u00e0 a la seua ciutat natal d\u2019on va ser metge titular fins la seua mort. Fou Acad\u00e8mic corresponent de la Real Academia de la Historia de Madrid i de la Societ\u00e9 de Correspondence Hisp\u00e0nique, Comendador de l\u2019Ordre d\u2019Alfons XII i creu de 1a Classe de l\u2019Orde del M\u00e8rit Militar.<\/p>\n<\/div>\n<\/div>\n\n\n\n<p class=\"has-text-align-left\">Admirador com pocs del passat del seu poble, dedic\u00e0 gran part de la seua vida a estudiar la hist\u00f2ria saguntina. Fruit de les seues investigacions fou el llibre: Sagunto, su historia y sus monumentos (1888), obra en dos volums en els quals arrepleg\u00e0 els trets culminants de la hist\u00f2ria de la ciutat. A m\u00e9s a m\u00e9s public\u00e0 els treballs: Rese\u00f1a hist\u00f3rica de la traslaci\u00f3n de las reliquias de los santos m\u00e1rtires Abd\u00f3n y Sen\u00e9n a la ciudad de Sagunto (1894), Origen y tradici\u00f3n de la cofrad\u00eda del Sant\u00edsimoSacramento o de Minerva de la Iglesia oarroquial de Sagunto (1896), Nomencl\u00e1tor de las calles, plazas y puertas antiguas y modernas de la ciudad de Sagunto (1901) i Historia del convento de Religiosas del Pie de la Cruz y Santa Ana de Sagunto (1903). Molts anys despr\u00e9s de la seua mort aparegu\u00e9 l\u2019obra p\u00f2stuma: Vias romanas de la provincia de Castell\u00f3n de la Plana (1978). En el camp literari escrigu\u00e9 la sarsuela: El Fantasma, musicada pel mestre sagunt\u00ed Antonio Palanca Masi\u00e0, i els poemes Cant a ma patria i En lo convent de Sant Esperit. Dotat d\u2019un natural temperament musical, deix\u00e0 composades dues misses de r\u00e8quiem, una de gl\u00f2ria, una marxa f\u00fanebre i diverses obres menors, com ara polques, roman\u00e7os i masurques.<\/p>\n\n\n\n<div style=\"height:84px\" aria-hidden=\"true\" class=\"wp-block-spacer\"><\/div>\n\n\n\n<h2 id=\"compartim-experiencies-2023\">COMPARTIM EXPERI\u00c8NCIES 2023<\/h2>\n\n\n\n<div class=\"wp-block-file\"><object class=\"wp-block-file__embed\" data=\"http:\/\/cevcam.com\/wp-content\/uploads\/2023\/10\/EL-MEDI-COM-A-RECURS-DIDACTIC.pdf\" type=\"application\/pdf\" style=\"width:100%;height:600px\" aria-label=\"Incrustaci\u00f3 del fitxer EL MEDI COM A RECURS DID\u00c0CTIC.\"><\/object><a id=\"wp-block-file--media-6a18d516-1bfb-4200-a2ca-f8126c0d16fa\" href=\"http:\/\/cevcam.com\/wp-content\/uploads\/2023\/10\/EL-MEDI-COM-A-RECURS-DIDACTIC.pdf\">EL MEDI COM A RECURS DID\u00c0CTIC<\/a><a href=\"http:\/\/cevcam.com\/wp-content\/uploads\/2023\/10\/EL-MEDI-COM-A-RECURS-DIDACTIC.pdf\" class=\"wp-block-file__button\" download aria-describedby=\"wp-block-file--media-6a18d516-1bfb-4200-a2ca-f8126c0d16fa\">Baixa<\/a><\/div>\n\n\n\n<div class=\"wp-container-69f5c3f812281 wp-block-buttons\">\n<div class=\"wp-block-button\"><a class=\"wp-block-button__link has-vivid-red-background-color has-background\" href=\"http:\/\/cevcam.com\/\">INICI<\/a><\/div>\n\n\n\n<div class=\"wp-block-button\"><a class=\"wp-block-button__link has-vivid-red-background-color has-background\" href=\"https:\/\/cevcam.com\/?page_id=2298\">Compartim experi\u00e8ncies<\/a><\/div>\n\n\n\n<div class=\"wp-block-button\"><a class=\"wp-block-button__link has-vivid-red-background-color has-background\" href=\"https:\/\/cevcam.com\/?page_id=2775\">Seg\u00fcent<\/a><\/div>\n<\/div>\n\n\n\n<p><\/p>\n","protected":false},"excerpt":{"rendered":"<p>RESUM HIST\u00d2RIC 1926 &nbsp;L\u2019arquitecte Roman\u00ed projecta els primers pl\u00e0nols del Cronista Chabret entre els carrers Diana i Faura. 1933 L\u2019arquitecte Victor Gos\u00e0lvez adapta <\/p>\n","protected":false},"author":1,"featured_media":1501,"parent":0,"menu_order":0,"comment_status":"closed","ping_status":"closed","template":"","meta":{"_editorskit_title_hidden":true,"_editorskit_reading_time":2,"_editorskit_typography_data":[],"_editorskit_blocks_typography":"","_editorskit_is_block_options_detached":false,"_editorskit_block_options_position":"{}"},"_links":{"self":[{"href":"https:\/\/cevcam.com\/index.php?rest_route=\/wp\/v2\/pages\/1417"}],"collection":[{"href":"https:\/\/cevcam.com\/index.php?rest_route=\/wp\/v2\/pages"}],"about":[{"href":"https:\/\/cevcam.com\/index.php?rest_route=\/wp\/v2\/types\/page"}],"author":[{"embeddable":true,"href":"https:\/\/cevcam.com\/index.php?rest_route=\/wp\/v2\/users\/1"}],"replies":[{"embeddable":true,"href":"https:\/\/cevcam.com\/index.php?rest_route=%2Fwp%2Fv2%2Fcomments&post=1417"}],"version-history":[{"count":19,"href":"https:\/\/cevcam.com\/index.php?rest_route=\/wp\/v2\/pages\/1417\/revisions"}],"predecessor-version":[{"id":2800,"href":"https:\/\/cevcam.com\/index.php?rest_route=\/wp\/v2\/pages\/1417\/revisions\/2800"}],"wp:featuredmedia":[{"embeddable":true,"href":"https:\/\/cevcam.com\/index.php?rest_route=\/wp\/v2\/media\/1501"}],"wp:attachment":[{"href":"https:\/\/cevcam.com\/index.php?rest_route=%2Fwp%2Fv2%2Fmedia&parent=1417"}],"curies":[{"name":"wp","href":"https:\/\/api.w.org\/{rel}","templated":true}]}}